{"id":7790,"date":"2021-02-23T07:12:29","date_gmt":"2021-02-23T07:12:29","guid":{"rendered":"https:\/\/tiemposl.com\/?page_id=7790"},"modified":"2021-02-23T07:45:42","modified_gmt":"2021-02-23T07:45:42","slug":"sobre-nosotros","status":"publish","type":"page","link":"https:\/\/tiemposl.com\/de\/sobre-nosotros\/","title":{"rendered":"\u00dcber uns"},"content":{"rendered":"<p>Kontakt\" class=\"tt_button tt_primary_button btn_primary_color  button-center\" ><span class=\"prim_text\">Cont\u00e1ctenos<\/span><\/a>[\/vc_column][vc_column width=&#8221;1\/6&#8243;][\/vc_column][\/vc_row]Kontakt\" class=\"tt_button tt_primary_button btn_primary_color  button-center\" ><span class=\"prim_text\">Contact us<\/span><\/a>[\/vc_column][vc_column width=&#8221;1\/6&#8243;][\/vc_column][\/vc_row]<br \/>\n[vc_row][vc_column width=&#8221;1\/6&#8243;][\/vc_column][vc_column width=&#8221;2\/3&#8243;][vc_column_text]<\/p>\n<h3>\u00dcber uns:<\/h3>\n<p>Wir sind ein multidisziplin\u00e4res Beratungsunternehmen, das 1984 gegr\u00fcndet wurde und seinen Sitz auf der Insel Ibiza hat. Wir haben uns auf die Beratung von Personen spezialisiert, die nicht in Spanien ans\u00e4ssig sind und die Eigentum auf dem Staatsgebiet erwerben oder aufrechterhalten m\u00f6chten.<\/p>\n<p>Dar\u00fcber hinaus k\u00f6nnen Sie eine breite Palette unseres Serviceangebots in Anspruch nehmen, die sowohl Handels- und Steuerberatung als auch Buchhaltungs- und Immobilienverwaltungsdienste einschlie\u00dft.<br \/>\nDank unseres langj\u00e4hrigen Bestehens k\u00f6nnen wir Ihnen eine umfassende Beratung anbieten, bei der wir jede Transaktion aus allen Blickwinkeln betrachten, Ihnen alle f\u00fcr den Entscheidungsprozess wichtigen Informationen zur Verf\u00fcgung stellen und Sie dabei unterst\u00fctzen, all Ihre Verpflichtungen termingerecht zu erf\u00fcllen.<\/p>\n<p>Wir st\u00fctzen uns auf eine Gruppe von Experten in verschiedenen Bereichen, die ihre Berufung und ihren Enthusiasmus kombinieren, um Ihnen einen qualitativ hochwertigen Service zu bieten, der schnelle Antworten und L\u00f6sungen f\u00fcr Ihre Bed\u00fcrfnisse liefert.<\/p>\n<p>Auf dem Markt zeichnen wir uns durch unsere pers\u00f6nliche und kontinuierliche Beratung aus, wobei wir stets nach den Prinzipien der Effizienz, Transparenz und des Vertrauens handeln.[\/vc_column_text][\/vc_column][vc_column width=&#8221;1\/6&#8243;][\/vc_column][\/vc_row][vc_row css=&#8221;.vc_custom_1614065138765{padding-top: 100px !important;padding-bottom: 100px !important;}&#8221;][vc_column width=&#8221;1\/2&#8243;]<div class=\"key-icon-box icon-default icon-top cont-left ib-no-effect\" style=\"background-color: none;\" ><i class=\" fa\" style=\" \"><\/i> <p ><\/p>\n<h4><img class=\"wp-image-7763 size-medium alignnone\" src=\"https:\/\/tiemposl.com\/wp-content\/uploads\/2020\/09\/annelies-225x300.jpg\" alt=\"\" width=\"225\" height=\"300\" srcset=\"https:\/\/tiemposl.com\/wp-content\/uploads\/2020\/09\/annelies-225x300.jpg 225w, https:\/\/tiemposl.com\/wp-content\/uploads\/2020\/09\/annelies.jpg 450w\" sizes=\"(max-width: 225px) 100vw, 225px\" \/><br \/>\nAnnelies Hofer Metz<\/h4>\n<h4><strong>Gr\u00fcndungspartnerin<\/strong><\/h4>\n<p>Mit ihren Wurzeln in \u00d6sterreich zog sie nach Ibiza und arbeitet dort seit 1978 im Immobilien- und Steuerbereich. Derzeit ist sie Mitglied der Association of Tax Technicians of Catalonia and the Balearic Islands (APTTCB)<br \/>\n+34 971 33 23 70<\/p>\n<p><a href=\"mailto:tiempo@tiemposl.com\">tiempo@tiemposl.com<\/a><\/p><\/div>[\/vc_column][vc_column width=&#8221;1\/2&#8243;]<div class=\"key-icon-box icon-default icon-top cont-left ib-no-effect\" style=\"background-color: none;\" ><i class=\" fa\" style=\" \"><\/i> <p ><\/p>\n<h4><img class=\"alignnone wp-image-7764 size-medium\" src=\"https:\/\/tiemposl.com\/wp-content\/uploads\/2020\/09\/antoni-225x300.jpg\" alt=\"\" width=\"225\" height=\"300\" srcset=\"https:\/\/tiemposl.com\/wp-content\/uploads\/2020\/09\/antoni-225x300.jpg 225w, https:\/\/tiemposl.com\/wp-content\/uploads\/2020\/09\/antoni.jpg 450w\" sizes=\"(max-width: 225px) 100vw, 225px\" \/><br \/>\nAntoni Costa Hofer<\/h4>\n<h4><strong>Partner<br \/>\n<\/strong><\/h4>\n<p>Hat einen Abschluss in Rechtswissenschaften von der Universit\u00e4t der Balearen. Derzeit Mitglied der Association of Tax Technicians of Catalonia and the Balearic Islands (APTTCB).<\/p>\n<p>+34 971 33 23 70<\/p>\n<p><a href=\"mailto:tiempo@tiemposl.com\">tiempo@tiemposl.com<\/a><\/p><\/div>[\/vc_column][\/vc_row][vc_row full_width=&#8221;stretch_row_content&#8221; css=&#8221;.vc_custom_1590657882771{padding-top: 50px !important;padding-bottom: 100px !important;background-color: #f5f5f5 !important;}&#8221;][vc_column][vc_row_inner css=&#8221;.vc_custom_1589444693851{padding-bottom: 50px !important;}&#8221;][vc_column_inner width=&#8221;1\/4&#8243; offset=&#8221;vc_hidden-xs&#8221;][\/vc_column_inner][vc_column_inner width=&#8221;1\/2&#8243;][vc_column_text]<\/p>\n<h4 class=\"h3\" style=\"text-align: center;\">Unsere Leistungen<\/h4>\n<p>[\/vc_column_text][\/vc_column_inner][vc_column_inner width=&#8221;1\/4&#8243; offset=&#8221;vc_hidden-xs&#8221;][\/vc_column_inner][\/vc_row_inner][vc_row_inner css=&#8221;.vc_custom_1589908010871{padding-top: 40px !important;padding-right: 150px !important;padding-bottom: 20px !important;padding-left: 150px !important;}&#8221;][vc_column_inner width=&#8221;1\/4&#8243; css=&#8221;.vc_custom_1513708828972{padding-right: 0px !important;padding-left: 0px !important;}&#8221;]<div class=\"key-icon-box icon-default icon-top cont-center ib-hover-1\" style=\"background-color: none;\" ><a href=\"https:\/\/tiemposl.com\/servicios\/derecho-inmobiliario\/\" target=\"\"><div class=\"ib-wrapper\"><i class=\"iconsmind-Green-House fa\" style=\" \"><\/i> <h5 class=\"service-heading\" >Immobilienrecht<\/h5><\/div><\/a><\/div>[\/vc_column_inner][vc_column_inner width=&#8221;1\/4&#8243;]<div class=\"key-icon-box icon-default icon-top cont-center ib-hover-1\" style=\"background-color: none;\" ><a href=\"https:\/\/tiemposl.com\/servicios\/derecho-mercantil-y-contabilidad\/\" target=\"\"><div class=\"ib-wrapper\"><i class=\"iconsmind-Truck fa\" style=\" \"><\/i> <h5 class=\"service-heading\" >Handelsrecht und Buchhaltung<\/h5><\/div><\/a><\/div>[\/vc_column_inner][vc_column_inner width=&#8221;1\/4&#8243;]<div class=\"key-icon-box icon-default icon-top cont-center ib-hover-1\" style=\"background-color: none;\" ><a href=\"https:\/\/tiemposl.com\/servicios\/derecho-tributario\/\" target=\"\"><div class=\"ib-wrapper\"><i class=\"iconsmind-Address-Book fa\" style=\" \"><\/i> <h5 class=\"service-heading\" >Steuer- und Abgabenrecht<\/h5><\/div><\/a><\/div>[\/vc_column_inner][vc_column_inner width=&#8221;1\/4&#8243;]<div class=\"key-icon-box icon-default icon-top cont-center ib-hover-1\" style=\"background-color: none;\" ><a href=\"https:\/\/tiemposl.com\/servicios\/gestion-administrativa\/\" target=\"\"><div class=\"ib-wrapper\"><i class=\"iconsmind-Fountain-Pen fa\" style=\" \"><\/i> <h5 class=\"service-heading\" >Administrative Verwaltung<\/h5><\/div><\/a><\/div>[\/vc_column_inner][\/vc_row_inner][\/vc_column][\/vc_row][vc_row css=&#8221;.vc_custom_1614065084939{padding-top: 0px !important;}&#8221;][vc_column width=&#8221;1\/6&#8243;][\/vc_column][vc_column width=&#8221;2\/3&#8243;][vc_column_text]<\/p>\n<h3 style=\"text-align: center;\">Wir m\u00f6chten Ihre Berater auf Ibiza sein.<\/h3>\n<p>[\/vc_column_text]<a  href=\"https:\/\/tiemposl.com\/contact\/\"  target=\"_self\"  title=\"Kontakt\" class=\"tt_button tt_primary_button btn_primary_color  button-center\" ><span class=\"prim_text\">Kontaktiere uns<\/span><\/a>[\/vc_column][vc_column width=&#8221;1\/6&#8243;][\/vc_column][\/vc_row]Kontakt\" class=\"tt_button tt_primary_button btn_primary_color  button-center\" ><span class=\"prim_text\">Nous contacter<\/span><\/a>[\/vc_column][vc_column width=&#8221;1\/6&#8243;][\/vc_column][\/vc_row]<\/p>","protected":false},"excerpt":{"rendered":"<p>[vc_row][vc_column width=&#8221;1\/6&#8243;][\/vc_column][vc_column width=&#8221;2\/3&#8243;][vc_column_text] \u00dcber uns: Wir sind ein multidisziplin\u00e4res Beratungsunternehmen, das 1984 gegr\u00fcndet wurde und [&hellip;]<\/p>\n","protected":false},"author":1,"featured_media":7709,"parent":0,"menu_order":0,"comment_status":"closed","ping_status":"closed","template":"","meta":[],"yoast_head":"<!-- This site is optimized with the Yoast SEO plugin v19.7.1 - https:\/\/yoast.com\/wordpress\/plugins\/seo\/ -->\n<title>\u00dcber uns &mdash; Tiempo Servicio y Gesti\u00f3n<\/title>\n<meta name=\"robots\" content=\"index, follow, max-snippet:-1, max-image-preview:large, max-video-preview:-1\" \/>\n<link rel=\"canonical\" href=\"https:\/\/tiemposl.com\/en\/sobre-nosotros\/\" \/>\n<meta property=\"og:locale\" content=\"de_DE\" \/>\n<meta property=\"og:type\" content=\"article\" \/>\n<meta property=\"og:title\" content=\"\u00dcber uns &mdash; Tiempo Servicio y Gesti\u00f3n\" \/>\n<meta property=\"og:description\" content=\"[vc_row][vc_column width=&#8221;1\/6&#8243;][\/vc_column][vc_column width=&#8221;2\/3&#8243;][vc_column_text] \u00dcber uns: Wir sind ein multidisziplin\u00e4res Beratungsunternehmen, das 1984 gegr\u00fcndet wurde und [&hellip;]\" \/>\n<meta property=\"og:url\" content=\"https:\/\/tiemposl.com\/en\/sobre-nosotros\/\" \/>\n<meta property=\"og:site_name\" content=\"Tiempo Servicio y Gesti\u00f3n\" \/>\n<meta property=\"article:modified_time\" content=\"2021-02-23T07:45:42+00:00\" \/>\n<meta property=\"og:image\" content=\"https:\/\/tiemposl.com\/wp-content\/uploads\/2020\/07\/asesoria-tiempos.jpg\" \/>\n\t<meta property=\"og:image:width\" content=\"1920\" \/>\n\t<meta property=\"og:image:height\" content=\"500\" \/>\n\t<meta property=\"og:image:type\" content=\"image\/jpeg\" \/>\n<meta name=\"twitter:card\" content=\"summary_large_image\" \/>\n<meta name=\"twitter:label1\" content=\"Est. reading time\" \/>\n\t<meta name=\"twitter:data1\" content=\"9 minutes\" \/>\n<script type=\"application\/ld+json\" class=\"yoast-schema-graph\">{\"@context\":\"https:\/\/schema.org\",\"@graph\":[{\"@type\":\"WebPage\",\"@id\":\"https:\/\/tiemposl.com\/en\/sobre-nosotros\/\",\"url\":\"https:\/\/tiemposl.com\/en\/sobre-nosotros\/\",\"name\":\"\u00dcber uns &mdash; Tiempo Servicio y Gesti\u00f3n\",\"isPartOf\":{\"@id\":\"https:\/\/tiemposl.com\/es\/#website\"},\"datePublished\":\"2021-02-23T07:12:29+00:00\",\"dateModified\":\"2021-02-23T07:45:42+00:00\",\"breadcrumb\":{\"@id\":\"https:\/\/tiemposl.com\/en\/sobre-nosotros\/#breadcrumb\"},\"inLanguage\":\"de-DE\",\"potentialAction\":[{\"@type\":\"ReadAction\",\"target\":[\"https:\/\/tiemposl.com\/en\/sobre-nosotros\/\"]}]},{\"@type\":\"BreadcrumbList\",\"@id\":\"https:\/\/tiemposl.com\/en\/sobre-nosotros\/#breadcrumb\",\"itemListElement\":[{\"@type\":\"ListItem\",\"position\":1,\"name\":\"Portada\",\"item\":\"https:\/\/tiemposl.com\/es\/\"},{\"@type\":\"ListItem\",\"position\":2,\"name\":\"About us\"}]},{\"@type\":\"WebSite\",\"@id\":\"https:\/\/tiemposl.com\/es\/#website\",\"url\":\"https:\/\/tiemposl.com\/es\/\",\"name\":\"Tiempo Servicio y Gesti\u00f3n\",\"description\":\"\",\"publisher\":{\"@id\":\"https:\/\/tiemposl.com\/es\/#organization\"},\"potentialAction\":[{\"@type\":\"SearchAction\",\"target\":{\"@type\":\"EntryPoint\",\"urlTemplate\":\"https:\/\/tiemposl.com\/es\/?s={search_term_string}\"},\"query-input\":\"required name=search_term_string\"}],\"inLanguage\":\"de-DE\"},{\"@type\":\"Organization\",\"@id\":\"https:\/\/tiemposl.com\/es\/#organization\",\"name\":\"Tiempo SL\",\"url\":\"https:\/\/tiemposl.com\/es\/\",\"sameAs\":[],\"logo\":{\"@type\":\"ImageObject\",\"inLanguage\":\"de-DE\",\"@id\":\"https:\/\/tiemposl.com\/es\/#\/schema\/logo\/image\/\",\"url\":\"https:\/\/tiemposl.com\/wp-content\/uploads\/2020\/03\/logo-main.png\",\"contentUrl\":\"https:\/\/tiemposl.com\/wp-content\/uploads\/2020\/03\/logo-main.png\",\"width\":237,\"height\":70,\"caption\":\"Tiempo SL\"},\"image\":{\"@id\":\"https:\/\/tiemposl.com\/es\/#\/schema\/logo\/image\/\"}}]}<\/script>\n<!-- \/ Yoast SEO plugin. -->","yoast_head_json":{"title":"\u00dcber uns &mdash; Tiempo Servicio y Gesti\u00f3n","robots":{"index":"index","follow":"follow","max-snippet":"max-snippet:-1","max-image-preview":"max-image-preview:large","max-video-preview":"max-video-preview:-1"},"canonical":"https:\/\/tiemposl.com\/en\/sobre-nosotros\/","og_locale":"de_DE","og_type":"article","og_title":"\u00dcber uns &mdash; Tiempo Servicio y Gesti\u00f3n","og_description":"[vc_row][vc_column width=&#8221;1\/6&#8243;][\/vc_column][vc_column width=&#8221;2\/3&#8243;][vc_column_text] \u00dcber uns: Wir sind ein multidisziplin\u00e4res Beratungsunternehmen, das 1984 gegr\u00fcndet wurde und [&hellip;]","og_url":"https:\/\/tiemposl.com\/en\/sobre-nosotros\/","og_site_name":"Tiempo Servicio y Gesti\u00f3n","article_modified_time":"2021-02-23T07:45:42+00:00","og_image":[{"width":1920,"height":500,"url":"https:\/\/tiemposl.com\/wp-content\/uploads\/2020\/07\/asesoria-tiempos.jpg","type":"image\/jpeg"}],"twitter_card":"summary_large_image","twitter_misc":{"Est. reading time":"9 minutes"},"schema":{"@context":"https:\/\/schema.org","@graph":[{"@type":"WebPage","@id":"https:\/\/tiemposl.com\/en\/sobre-nosotros\/","url":"https:\/\/tiemposl.com\/en\/sobre-nosotros\/","name":"\u00dcber uns &mdash; Tiempo Servicio y Gesti\u00f3n","isPartOf":{"@id":"https:\/\/tiemposl.com\/es\/#website"},"datePublished":"2021-02-23T07:12:29+00:00","dateModified":"2021-02-23T07:45:42+00:00","breadcrumb":{"@id":"https:\/\/tiemposl.com\/en\/sobre-nosotros\/#breadcrumb"},"inLanguage":"de-DE","potentialAction":[{"@type":"ReadAction","target":["https:\/\/tiemposl.com\/en\/sobre-nosotros\/"]}]},{"@type":"BreadcrumbList","@id":"https:\/\/tiemposl.com\/en\/sobre-nosotros\/#breadcrumb","itemListElement":[{"@type":"ListItem","position":1,"name":"Portada","item":"https:\/\/tiemposl.com\/es\/"},{"@type":"ListItem","position":2,"name":"About us"}]},{"@type":"WebSite","@id":"https:\/\/tiemposl.com\/es\/#website","url":"https:\/\/tiemposl.com\/es\/","name":"Tiempo Servicio y Gesti\u00f3n","description":"","publisher":{"@id":"https:\/\/tiemposl.com\/es\/#organization"},"potentialAction":[{"@type":"SearchAction","target":{"@type":"EntryPoint","urlTemplate":"https:\/\/tiemposl.com\/es\/?s={search_term_string}"},"query-input":"required name=search_term_string"}],"inLanguage":"de-DE"},{"@type":"Organization","@id":"https:\/\/tiemposl.com\/es\/#organization","name":"Tiempo SL","url":"https:\/\/tiemposl.com\/es\/","sameAs":[],"logo":{"@type":"ImageObject","inLanguage":"de-DE","@id":"https:\/\/tiemposl.com\/es\/#\/schema\/logo\/image\/","url":"https:\/\/tiemposl.com\/wp-content\/uploads\/2020\/03\/logo-main.png","contentUrl":"https:\/\/tiemposl.com\/wp-content\/uploads\/2020\/03\/logo-main.png","width":237,"height":70,"caption":"Tiempo SL"},"image":{"@id":"https:\/\/tiemposl.com\/es\/#\/schema\/logo\/image\/"}}]}},"_links":{"self":[{"href":"https:\/\/tiemposl.com\/de\/wp-json\/wp\/v2\/pages\/7790"}],"collection":[{"href":"https:\/\/tiemposl.com\/de\/wp-json\/wp\/v2\/pages"}],"about":[{"href":"https:\/\/tiemposl.com\/de\/wp-json\/wp\/v2\/types\/page"}],"author":[{"embeddable":true,"href":"https:\/\/tiemposl.com\/de\/wp-json\/wp\/v2\/users\/1"}],"replies":[{"embeddable":true,"href":"https:\/\/tiemposl.com\/de\/wp-json\/wp\/v2\/comments?post=7790"}],"version-history":[{"count":19,"href":"https:\/\/tiemposl.com\/de\/wp-json\/wp\/v2\/pages\/7790\/revisions"}],"predecessor-version":[{"id":7810,"href":"https:\/\/tiemposl.com\/de\/wp-json\/wp\/v2\/pages\/7790\/revisions\/7810"}],"wp:featuredmedia":[{"embeddable":true,"href":"https:\/\/tiemposl.com\/de\/wp-json\/wp\/v2\/media\/7709"}],"wp:attachment":[{"href":"https:\/\/tiemposl.com\/de\/wp-json\/wp\/v2\/media?parent=7790"}],"curies":[{"name":"wp","href":"https:\/\/api.w.org\/{rel}","templated":true}]}}