{"id":7459,"date":"2020-03-20T12:26:30","date_gmt":"2020-03-20T12:26:30","guid":{"rendered":"http:\/\/tiemposl.com\/?page_id=7459"},"modified":"2020-09-07T14:51:17","modified_gmt":"2020-09-07T14:51:17","slug":"politica-de-privacidad","status":"publish","type":"page","link":"https:\/\/tiemposl.com\/fr\/politica-de-privacidad\/","title":{"rendered":"Politique de confidentialit\u00e9"},"content":{"rendered":"<p>Advertencia: Esta pol\u00edtica de privacidad establece la forma en que se van a gestionar los datos personales recogidos en esta web. Es imprescindible que lea y acepte antes de seguir navegando.<br \/>\nLa presente pol\u00edtica de privacidad ha sido actualizada por \u00faltima vez el 04\/09\/2020<br \/>\nLe damos la bienvenida a esta web y agradecemos que siga leyendo Tiempo Servicio y Gesti\u00f3n asume un compromiso permanente con la privacidad de los datos de nuestros contactos y clientes, garantizando las mejores\u00a0\u00a0pr\u00e1cticas en el uso de datos de car\u00e1cter personal.<\/p>\n<p><strong>Regulaciones legales a las que se acoge esta web<\/strong><br \/>\ntiemposl.com\u00a0 est\u00e1 adecuada\u00a0 a las exigencias de la Ley Org\u00e1nica 3\/2018, de 5 de diciembre, de Protecci\u00f3n de Datos Personales y garant\u00eda de los derechos digitales. Cumple tambi\u00e9n con el Reglamento (UE) 2016\/679 del Parlamento Europeo y del Consejo de 27 de abril de 2016 relativo a la protecci\u00f3n de las personas f\u00edsicas (RGPD), as\u00ed como con la Ley 34\/2002, de 11 de julio, de Servicios de la Sociedad de la Informaci\u00f3n y Comercio Electr\u00f3nico (LSSICE o LSSI).<\/p>\n<p><strong>Las normas b\u00e1sicas de privacidad que tiene esta web<\/strong><br \/>\nC\u00f3mo defensores de la privacidad y los derechos de los usuarios, asumimos una serie de reglas b\u00e1sicas en cuanto al uso de sus datos personales:<\/p>\n<ol>\n<li>No realizamos env\u00edo de correos electr\u00f3nicos no solicitados (spam), poniendo todos los esfuerzos para impedir el uso indebido del correo electr\u00f3nico. Jam\u00e1s enviamos correos de car\u00e1cter comercial sin que hayan sido solicitados o previamente autorizados.<\/li>\n<li>Abogamos por una cultura de respeto y \u00a0m\u00e1xima transparencia con nuestros usuarios: en todo momento tendr\u00e1 acceso a los datos del responsable de esta web y de la gesti\u00f3n de su informaci\u00f3n, siempre conocer\u00e1 la finalidad con la que ser\u00e1n utilizados sus datos previo consentimiento y siempre podr\u00e1 revocar su consentimiento previo.<\/li>\n<li>Nunca y bajo ninguna circunstancia se compartir\u00e1n\u00a0\u00a0datos de usuarios obtenidos mediante esta web\u00a0\u00a0ni ser\u00e1n cedidos\u00a0los datos de \u00a0usuarios a terceros a menos que estos hayan sido informados previamente y cuente\u00a0con su expresa autorizaci\u00f3n.<\/li>\n<\/ol>\n<p><strong>Informaci\u00f3n legal<\/strong><br \/>\nLa transparencia es el pilar fundamental de la privacidad.<br \/>\nA efectos de lo previsto en la normativa aplicable, se informa a todos nuestros clientes, usuarios y visitantes sobre la informaci\u00f3n legal relativa a la empresa propietaria del sitio web ubicado en la direcci\u00f3n de Internet tiemposl.com:<\/p>\n<p>\u2022 Su denominaci\u00f3n comercial es TIEMPO SERVICIO Y GESTI\u00d3N<br \/>\n\u2022 Su denominaci\u00f3n social es TIEMPO SERVICIO Y GESTION S.L.<br \/>\n\u2022 Su CIF\/ NIF B07141625<br \/>\n\u2022 Su domicilio social est\u00e1 en C\/ San Jaime 82 2\u00bab, 07840 Santa Eulalia del R\u00edo, Islas Baleares (Espa\u00f1a)<br \/>\n\u2022 Registro mercantil: Inscrita en el registro mercantil de Ibiza, folio 34 del tomo 45 hoja IB-2196.<br \/>\n\u2022 Su actividad social es: Asesoramiento<\/p>\n<p><strong>Env\u00edo y Registro de Datos de Car\u00e1cter Personal<\/strong><br \/>\nEl env\u00edo de datos de car\u00e1cter personal es obligatorio para contactar y realizar operaciones comerciales con TIEMPO SERVICIO Y GESTI\u00d3N. Asimismo, el no facilitar los datos personales solicitados o el no aceptar la presente pol\u00edtica de protecci\u00f3n de datos supone la imposibilidad de procesar las solicitudes\u00a0realizadas en esta web.<br \/>\nEsta web utiliza diferentes sistemas de captura de informaci\u00f3n personal y siempre requiere el consentimiento previo de los usuarios para tratar sus datos personales con los fines indicados.<br \/>\nC\u00f3mo usuario, siempre tendr\u00e1 derecho a revocar ese consentimiento previo en cualquier momento.<br \/>\nSistemas de captura de informaci\u00f3n personal que utiliza\u00a0esta web<\/p>\n<ol>\n<li>\u2022Formulario de contacto: Existe un formulario de contacto para consultas, sugerencias o contacto profesional. En este caso se utilizar\u00e1 la direcci\u00f3n de correo electr\u00f3nico para responder a las mismas y enviar la informaci\u00f3n que el usuario requiera a trav\u00e9s de la web. No se admite el uso de ese formulario para el env\u00edo de publicidad.<\/li>\n<li>Cookies: Cuando un usuario se registra o navega en esta web, se almacenan \u00abcookies\u00bb. El usuario puede consultar en cualquier momento la pol\u00edtica de cookies para ampliar informaci\u00f3n sobre el uso de cookies y como desactivarlas.<\/li>\n<\/ol>\n<p><strong>Legitimaci\u00f3n para el tratamiento de sus datos<\/strong><br \/>\nLa base legal para el tratamiento de sus datos es: el consentimiento.<br \/>\nPara contactar con nosotros a trav\u00e9s de esta web se requiere el consentimiento con esta pol\u00edtica de privacidad.<\/p>\n<p><strong>Categor\u00eda de datos<\/strong><br \/>\nLas categor\u00edas de datos que se tratan son datos identificativos, concretamente, nombre, correo electr\u00f3nico y direcci\u00f3n IP.<br \/>\nDatos de informaci\u00f3n comercial.\u2028\u2028No se tratan categor\u00edas de datos especialmente protegidas.<\/p>\n<p><strong>\u00bfPor cu\u00e1nto tiempo conservaremos sus datos?<\/strong><br \/>\nLos datos tratados se mantendr\u00e1n en tanto no expiren los plazos legales establecidos para la conservaci\u00f3n de datos, si hubiera obligaci\u00f3n legal de mantenimiento, o de no existir ese plazo legal, hasta que el interesado solicite su supresi\u00f3n o revoque el consentimiento otorgado.<\/p>\n<p><strong>Servicios ofrecidos por terceros en esta web<\/strong><br \/>\nProveedores de servicios externos (por ejemplo, servicios de an\u00e1lisis, gesti\u00f3n campa\u00f1as de marketing, gesti\u00f3n de sitios web y otros proveedores de servicios similares) a fin de que estos puedan realizar funciones comerciales en nombre de Tiempo Servicio y Gesti\u00f3n.<br \/>\nSus datos personales podr\u00e1n ser comunicados \u00a0tambi\u00e9n a destinatarios ubicados en pa\u00edses fuera del Espacio Econ\u00f3mico Europeo, incluyendo pa\u00edses que no proporcionan un nivel de protecci\u00f3n de datos equivalente al de la Uni\u00f3n. Sin embargo, en estos casos, los mismos ser\u00e1n tratados con escrupuloso cumplimiento de la legislaci\u00f3n europea y espa\u00f1ola y, asimismo, se implementar\u00e1n las garant\u00edas que le indicamos a continuaci\u00f3n:<br \/>\n\u2022 <strong>Servicio de an\u00e1lisis<\/strong>: Google Analytics:\u00a0un servicio anal\u00edtico de web prestado por Google, Inc., una compa\u00f1\u00eda de Delaware cuya oficina principal est\u00e1 en 1600 Amphitheatre Parkway, Mountain View (California), CA 94043, Estados Unidos (\u201cGoogle\u201d). Google Analytics utiliza \u201ccookies\u201d, que son archivos de texto ubicados en su ordenador, para ayudar a tiemposl.com analizar el uso que hacen los usuarios del sitio web. La informaci\u00f3n que genera la cookie acerca de su uso de tiemposl.com (incluyendo su direcci\u00f3n IP) ser\u00e1 directamente transmitida y archivada por Google en los servidores de Estados Unidos.<br \/>\nPara prestar servicios estrictamente necesarios para el desarrollo de mi\u00a0actividad, utilizo\u00a0\u00a0los\u00a0\u00a0siguientes prestadores bajo sus correspondientes condiciones de privacidad:<br \/>\n\u2022 <strong>Hosting<\/strong>: Nuestro hosting es 100% europeo y 100% seguro. Utiliza protocolos \u00a0SSL\u00a0 (Secure Sockets Layer ) de forma que se garantiza que todos los datos transmitidos desde el navegador al servidor permanezcan privados.<\/p>\n<h3>Pol\u00edtica de Protecci\u00f3n de Datos<\/h3>\n<p>tiemposl.com se compromete en la utilizaci\u00f3n de los datos recogidos en los formularios de contacto presentes en esta web, a respetar su confidencialidad y a utilizarlos de acuerdo con la finalidad del mismo, as\u00ed como a dar cumplimiento a su obligaci\u00f3n de guardarlos y adaptar todas las medidas para evitar la alteraci\u00f3n, p\u00e9rdida, tratamiento o acceso no autorizado, de conformidad con lo establecido en La <a href=\"https:\/\/boe.es\/boe\/dias\/2018\/12\/06\/pdfs\/BOE-A-2018-16673.pdf\">Ley Org\u00e1nica de Protecci\u00f3n de Datos Personales y Garant\u00eda de los Derechos Digitales<\/a> (LOPDGDD)3\/2018\u00a0 adapta el derecho espa\u00f1ol al modelo establecido por el Reglamento General de Protecci\u00f3n de Datos (RGPD).<\/p>\n<p>El Usuario garantiza que los datos personales facilitados a trav\u00e9s de los formularios de contacto son veraces, quedando obligado a comunicar cualquier modificaci\u00f3n de los mismos. Igualmente, el Usuario garantiza que toda la informaci\u00f3n facilitada corresponde con su situaci\u00f3n real, que est\u00e1 puesta al d\u00eda y es exacta.<\/p>\n<p>Al utilizar los formularios de contacto, observar\u00e1 que algunos campos, como el nombre o el e-mail tienen la marca de un asterisco (*); esto significa que esos campos son obligatorios, y el formulario no podr\u00e1 ser enviado si deja esos campos en blanco.<\/p>\n<p><strong>Ejercicio de los Derechos sobre su propia informaci\u00f3n<\/strong><br \/>\nEstos derechos son esenciales en Protecci\u00f3n de datos porque permiten decidir sobre tu propia informaci\u00f3n. Como\u00a0\u00a0usuario, podr\u00e1 dirigir sus comunicaciones y ejercitar sus derechos siguiendo las formalidades impuestas por la <a href=\"https:\/\/boe.es\/boe\/dias\/2018\/12\/06\/pdfs\/BOE-A-2018-16673.pdf\">Ley Org\u00e1nica de Protecci\u00f3n de Datos Personales y Garant\u00eda de los Derechos Digitales<\/a> (LOPDGDD) 3\/2018 y el Reglamento General de Protecci\u00f3n de Datos (RGPD)<br \/>\nCualquier persona tiene derecho a obtener confirmaci\u00f3n sobre si en tiemposl.com se tratan datos personales que le conciernen, o no.<br \/>\nLas personas interesadas tienen derecho a:<\/p>\n<p>\u2022 A saber si se esta realizando un tratamiento de sus datos.<br \/>\n\u2022 A acceder a sus datos personales.<br \/>\n\u2022 A solicitar la rectificaci\u00f3n de sus datos si son inexactos.<br \/>\n\u2022 A solicitar la supresi\u00f3n de sus datos si ya no son necesarios para los fines para los que fueron recogidos o si retira el consentimiento otorgado.<br \/>\n\u2022 A solicitar la limitaci\u00f3n del tratamiento de sus datos, en algunos supuestos, en cuyo caso s\u00f3lo se conservaran de acuerdo a la normativa vigente.<br \/>\n\u2022 A presentar una reclamaci\u00f3n ante la Agencia Espa\u00f1ola de Protecci\u00f3n de Datos o autoridad de control competente, si cree que no le hemos atendido correctamente.<br \/>\n\u2022 A revocar el consentimiento para cualquier tratamiento para el que hubiese consentido previamente, en cualquier momento.<\/p>\n<p>Podr\u00e1 ejercitar sus derechos de acceso, rectificaci\u00f3n, cancelaci\u00f3n y oposici\u00f3n contactando a trav\u00e9s de la direcci\u00f3n de correo electr\u00f3nico: tiempo(arroba)tiemposl.com junto con prueba v\u00e1lida en derecho, como fotocopia del D.N.I. o equivalente, indicando en el asunto \u201cPROTECCI\u00d3N DE DATOS\u201d.<\/p>\n<p><strong>\u00bfNecesita un formulario para el ejercicio de Derechos?\u00a0\u00a0\u00a0<\/strong><br \/>\nP<a href=\"https:\/\/www.aepd.es\/es\/derechos-y-deberes\/conoce-tus-derechos\">uede usar los elaborados por la Agencia Espa\u00f1ola de Protecci\u00f3n de Datos o terceros.<\/a><\/p>\n<p><strong>Aceptaci\u00f3n y Consentimiento<\/strong><br \/>\nEl Usuario declara haber sido informado de las condiciones sobre Protecci\u00f3n de Datos de Car\u00e1cter Personal, aceptando y consintiendo el tratamiento de los mismos por parte de Tiempo Servicio y Gesti\u00f3n, en la forma y para las finalidades indicadas en la presente Pol\u00edtica de Privacidad.<\/p>\n<p><strong>Revocabilidad<\/strong><br \/>\nEl consentimiento prestado, tanto para el tratamiento como para la cesi\u00f3n de los datos de los interesados, es revocable en cualquier momento comunic\u00e1ndolo a Tiempo Servicio y Gesti\u00f3n en los t\u00e9rminos establecidos en esta Pol\u00edtica para el ejercicio de los derechos ARCO. Esta revocaci\u00f3n en ning\u00fan caso tendr\u00e1 car\u00e1cter retroactivo.<\/p>\n<p><strong>Cambios en la Presente Pol\u00edtica de Privacidad<\/strong><br \/>\nTiempo Servicio y Gesti\u00f3n se reserva el derecho a modificar la presente pol\u00edtica para adaptarla a novedades legislativas o jurisprudenciales as\u00ed como a pr\u00e1cticas de la industria. En dichos supuestos, el Prestador anunciar\u00e1 en esta p\u00e1gina los cambios introducidos con razonable antelaci\u00f3n a su puesta en pr\u00e1ctica.<\/p>\n<p><strong>Correos Comerciales<\/strong><br \/>\nDe acuerdo con la LSSICE, Tiempo Servicio y Gesti\u00f3n no realiza pr\u00e1cticas de SPAM, por lo que no env\u00eda correos comerciales por v\u00eda electr\u00f3nica que no hayan sido previamente solicitados o autorizados por el Usuario.<br \/>\nGracias por el tiempo dedicado en leer esta pol\u00edtica de privacidad.<br \/>\n\u00daltima actualizaci\u00f3n: 4 de septiembre de 2020<\/p>","protected":false},"excerpt":{"rendered":"<p>Advertencia: Esta pol\u00edtica de privacidad establece la forma en que se van a gestionar los [&hellip;]<\/p>\n","protected":false},"author":1,"featured_media":0,"parent":0,"menu_order":0,"comment_status":"closed","ping_status":"closed","template":"","meta":[],"yoast_head":"<!-- This site is optimized with the Yoast SEO plugin v19.7.1 - https:\/\/yoast.com\/wordpress\/plugins\/seo\/ -->\n<title>Politique de confidentialit\u00e9 &mdash; Tiempo Servicio y Gesti\u00f3n<\/title>\n<meta name=\"robots\" content=\"noindex, nofollow\" \/>\n<meta property=\"og:locale\" content=\"fr_FR\" \/>\n<meta property=\"og:type\" content=\"article\" \/>\n<meta property=\"og:title\" content=\"Politique de confidentialit\u00e9 &mdash; Tiempo Servicio y Gesti\u00f3n\" \/>\n<meta property=\"og:description\" content=\"Advertencia: Esta pol\u00edtica de privacidad establece la forma en que se van a gestionar los [&hellip;]\" \/>\n<meta property=\"og:url\" content=\"https:\/\/tiemposl.com\/es\/politica-de-privacidad\/\" \/>\n<meta property=\"og:site_name\" content=\"Tiempo Servicio y Gesti\u00f3n\" \/>\n<meta property=\"article:modified_time\" content=\"2020-09-07T14:51:17+00:00\" \/>\n<meta name=\"twitter:card\" content=\"summary_large_image\" \/>\n<meta name=\"twitter:label1\" content=\"Est. reading time\" \/>\n\t<meta name=\"twitter:data1\" content=\"37 minutes\" \/>\n<script type=\"application\/ld+json\" class=\"yoast-schema-graph\">{\"@context\":\"https:\/\/schema.org\",\"@graph\":[{\"@type\":\"WebPage\",\"@id\":\"https:\/\/tiemposl.com\/es\/politica-de-privacidad\/\",\"url\":\"https:\/\/tiemposl.com\/es\/politica-de-privacidad\/\",\"name\":\"Politique de confidentialit\u00e9 &mdash; Tiempo Servicio y Gesti\u00f3n\",\"isPartOf\":{\"@id\":\"https:\/\/tiemposl.com\/es\/#website\"},\"datePublished\":\"2020-03-20T12:26:30+00:00\",\"dateModified\":\"2020-09-07T14:51:17+00:00\",\"breadcrumb\":{\"@id\":\"https:\/\/tiemposl.com\/es\/politica-de-privacidad\/#breadcrumb\"},\"inLanguage\":\"fr-FR\",\"potentialAction\":[{\"@type\":\"ReadAction\",\"target\":[\"https:\/\/tiemposl.com\/es\/politica-de-privacidad\/\"]}]},{\"@type\":\"BreadcrumbList\",\"@id\":\"https:\/\/tiemposl.com\/es\/politica-de-privacidad\/#breadcrumb\",\"itemListElement\":[{\"@type\":\"ListItem\",\"position\":1,\"name\":\"Portada\",\"item\":\"https:\/\/tiemposl.com\/es\/\"},{\"@type\":\"ListItem\",\"position\":2,\"name\":\"Pol\u00edtica de privacidad\"}]},{\"@type\":\"WebSite\",\"@id\":\"https:\/\/tiemposl.com\/es\/#website\",\"url\":\"https:\/\/tiemposl.com\/es\/\",\"name\":\"Tiempo Servicio y Gesti\u00f3n\",\"description\":\"\",\"publisher\":{\"@id\":\"https:\/\/tiemposl.com\/es\/#organization\"},\"potentialAction\":[{\"@type\":\"SearchAction\",\"target\":{\"@type\":\"EntryPoint\",\"urlTemplate\":\"https:\/\/tiemposl.com\/es\/?s={search_term_string}\"},\"query-input\":\"required name=search_term_string\"}],\"inLanguage\":\"fr-FR\"},{\"@type\":\"Organization\",\"@id\":\"https:\/\/tiemposl.com\/es\/#organization\",\"name\":\"Tiempo SL\",\"url\":\"https:\/\/tiemposl.com\/es\/\",\"sameAs\":[],\"logo\":{\"@type\":\"ImageObject\",\"inLanguage\":\"fr-FR\",\"@id\":\"https:\/\/tiemposl.com\/es\/#\/schema\/logo\/image\/\",\"url\":\"https:\/\/tiemposl.com\/wp-content\/uploads\/2020\/03\/logo-main.png\",\"contentUrl\":\"https:\/\/tiemposl.com\/wp-content\/uploads\/2020\/03\/logo-main.png\",\"width\":237,\"height\":70,\"caption\":\"Tiempo SL\"},\"image\":{\"@id\":\"https:\/\/tiemposl.com\/es\/#\/schema\/logo\/image\/\"}}]}<\/script>\n<!-- \/ Yoast SEO plugin. -->","yoast_head_json":{"title":"Politique de confidentialit\u00e9 &mdash; Tiempo Servicio y Gesti\u00f3n","robots":{"index":"noindex","follow":"nofollow"},"og_locale":"fr_FR","og_type":"article","og_title":"Politique de confidentialit\u00e9 &mdash; Tiempo Servicio y Gesti\u00f3n","og_description":"Advertencia: Esta pol\u00edtica de privacidad establece la forma en que se van a gestionar los [&hellip;]","og_url":"https:\/\/tiemposl.com\/es\/politica-de-privacidad\/","og_site_name":"Tiempo Servicio y Gesti\u00f3n","article_modified_time":"2020-09-07T14:51:17+00:00","twitter_card":"summary_large_image","twitter_misc":{"Est. reading time":"37 minutes"},"schema":{"@context":"https:\/\/schema.org","@graph":[{"@type":"WebPage","@id":"https:\/\/tiemposl.com\/es\/politica-de-privacidad\/","url":"https:\/\/tiemposl.com\/es\/politica-de-privacidad\/","name":"Politique de confidentialit\u00e9 &mdash; Tiempo Servicio y Gesti\u00f3n","isPartOf":{"@id":"https:\/\/tiemposl.com\/es\/#website"},"datePublished":"2020-03-20T12:26:30+00:00","dateModified":"2020-09-07T14:51:17+00:00","breadcrumb":{"@id":"https:\/\/tiemposl.com\/es\/politica-de-privacidad\/#breadcrumb"},"inLanguage":"fr-FR","potentialAction":[{"@type":"ReadAction","target":["https:\/\/tiemposl.com\/es\/politica-de-privacidad\/"]}]},{"@type":"BreadcrumbList","@id":"https:\/\/tiemposl.com\/es\/politica-de-privacidad\/#breadcrumb","itemListElement":[{"@type":"ListItem","position":1,"name":"Portada","item":"https:\/\/tiemposl.com\/es\/"},{"@type":"ListItem","position":2,"name":"Pol\u00edtica de privacidad"}]},{"@type":"WebSite","@id":"https:\/\/tiemposl.com\/es\/#website","url":"https:\/\/tiemposl.com\/es\/","name":"Tiempo Servicio y Gesti\u00f3n","description":"","publisher":{"@id":"https:\/\/tiemposl.com\/es\/#organization"},"potentialAction":[{"@type":"SearchAction","target":{"@type":"EntryPoint","urlTemplate":"https:\/\/tiemposl.com\/es\/?s={search_term_string}"},"query-input":"required name=search_term_string"}],"inLanguage":"fr-FR"},{"@type":"Organization","@id":"https:\/\/tiemposl.com\/es\/#organization","name":"Tiempo SL","url":"https:\/\/tiemposl.com\/es\/","sameAs":[],"logo":{"@type":"ImageObject","inLanguage":"fr-FR","@id":"https:\/\/tiemposl.com\/es\/#\/schema\/logo\/image\/","url":"https:\/\/tiemposl.com\/wp-content\/uploads\/2020\/03\/logo-main.png","contentUrl":"https:\/\/tiemposl.com\/wp-content\/uploads\/2020\/03\/logo-main.png","width":237,"height":70,"caption":"Tiempo SL"},"image":{"@id":"https:\/\/tiemposl.com\/es\/#\/schema\/logo\/image\/"}}]}},"_links":{"self":[{"href":"https:\/\/tiemposl.com\/fr\/wp-json\/wp\/v2\/pages\/7459"}],"collection":[{"href":"https:\/\/tiemposl.com\/fr\/wp-json\/wp\/v2\/pages"}],"about":[{"href":"https:\/\/tiemposl.com\/fr\/wp-json\/wp\/v2\/types\/page"}],"author":[{"embeddable":true,"href":"https:\/\/tiemposl.com\/fr\/wp-json\/wp\/v2\/users\/1"}],"replies":[{"embeddable":true,"href":"https:\/\/tiemposl.com\/fr\/wp-json\/wp\/v2\/comments?post=7459"}],"version-history":[{"count":5,"href":"https:\/\/tiemposl.com\/fr\/wp-json\/wp\/v2\/pages\/7459\/revisions"}],"predecessor-version":[{"id":7779,"href":"https:\/\/tiemposl.com\/fr\/wp-json\/wp\/v2\/pages\/7459\/revisions\/7779"}],"wp:attachment":[{"href":"https:\/\/tiemposl.com\/fr\/wp-json\/wp\/v2\/media?parent=7459"}],"curies":[{"name":"wp","href":"https:\/\/api.w.org\/{rel}","templated":true}]}}