{"id":7790,"date":"2021-02-23T07:12:29","date_gmt":"2021-02-23T07:12:29","guid":{"rendered":"https:\/\/tiemposl.com\/?page_id=7790"},"modified":"2021-02-23T07:45:42","modified_gmt":"2021-02-23T07:45:42","slug":"sobre-nosotros","status":"publish","type":"page","link":"https:\/\/tiemposl.com\/fr\/sobre-nosotros\/","title":{"rendered":"\u00c0 propos de nous"},"content":{"rendered":"<p>Contact\" class=\"tt_button tt_primary_button btn_primary_color  button-center\" ><span class=\"prim_text\">Cont\u00e1ctenos<\/span><\/a>[\/vc_column][vc_column width=&#8221;1\/6&#8243;][\/vc_column][\/vc_row]Contact\" class=\"tt_button tt_primary_button btn_primary_color  button-center\" ><span class=\"prim_text\">Contact us<\/span><\/a>[\/vc_column][vc_column width=&#8221;1\/6&#8243;][\/vc_column][\/vc_row]Contact\" class=\"tt_button tt_primary_button btn_primary_color  button-center\" ><span class=\"prim_text\">Kontaktiere uns<\/span><\/a>[\/vc_column][vc_column width=&#8221;1\/6&#8243;][\/vc_column][\/vc_row]<br \/>\n[vc_row][vc_column width=&#8221;1\/6&#8243;][\/vc_column][vc_column width=&#8221;2\/3&#8243;][vc_column_text]<\/p>\n<h3>\u00c0 propos de nous:<\/h3>\n<p>Nous sommes un cabinet de conseil multidisciplinaire cr\u00e9\u00e9 en 1984 et situ\u00e9 sur l&#8217;\u00eele d&#8217;Ibiza. Nous sommes sp\u00e9cialis\u00e9s dans le conseil des personnes ne r\u00e9sidant pas en Espagne et qui souhaitent acqu\u00e9rir ou g\u00e9rer des biens immobiliers sur le territoire national.<\/p>\n<p>De plus, notre cabinet vous donne acc\u00e8s \u00e0 une large s\u00e9lection de services, tels que des conseils commerciaux et fiscaux, ainsi que des services de comptabilit\u00e9 et de gestion immobili\u00e8re.<br \/>\nNotre longue exp\u00e9rience nous permet de vous offrir des conseils complets, en analysant chaque transaction sous ses nombreux aspects, en vous apportant toutes les informations n\u00e9cessaires pour prendre des d\u00e9cisions et en vous permettant de remplir toutes vos obligations dans les d\u00e9lais impartis.<\/p>\n<p>Nous nous appuyons sur un groupe d&#8217;experts dans diff\u00e9rents domaines, qui allient leur vocation et leur enthousiasme pour vous proposer un service de haute qualit\u00e9 afin de r\u00e9pondre ainsi au mieux et au plus vite \u00e0 vos besoins.<br \/>\nNous nous distinguons sur le march\u00e9 en vous offrant une assistance personnalis\u00e9e et continue, en op\u00e9rant toujours selon les principes d&#8217;efficacit\u00e9, de transparence et de confiance.<br \/>\n[\/vc_column_text][\/vc_column][vc_column width=&#8221;1\/6&#8243;][\/vc_column][\/vc_row][vc_row css=&#8221;.vc_custom_1614065138765{padding-top: 100px !important;padding-bottom: 100px !important;}&#8221;][vc_column width=&#8221;1\/2&#8243;]<div class=\"key-icon-box icon-default icon-top cont-left ib-no-effect\" style=\"background-color: none;\" ><i class=\" fa\" style=\" \"><\/i> <p ><\/p>\n<h4><img class=\"wp-image-7763 size-medium alignnone\" src=\"https:\/\/tiemposl.com\/wp-content\/uploads\/2020\/09\/annelies-225x300.jpg\" alt=\"\" width=\"225\" height=\"300\" srcset=\"https:\/\/tiemposl.com\/wp-content\/uploads\/2020\/09\/annelies-225x300.jpg 225w, https:\/\/tiemposl.com\/wp-content\/uploads\/2020\/09\/annelies.jpg 450w\" sizes=\"(max-width: 225px) 100vw, 225px\" \/><br \/>\nAnnelies Hofer Metz<\/h4>\n<h4><strong>Partenaire fondatrice<\/strong><\/h4>\n<p>Originaire d&#8217;Autriche, elle s&#8217;est install\u00e9e \u00e0 Ibiza, o\u00f9 elle travaille dans les secteurs immobilier et fiscal depuis 1978. Elle est actuellement membre de l&#8217;Association des techniciens fiscaux de Catalogne et des \u00celes Bal\u00e9ares (APTTCB).+34 971 33 23 70<\/p>\n<p><a href=\"mailto:tiempo@tiemposl.com\">tiempo@tiemposl.com<\/a><\/p><\/div>[\/vc_column][vc_column width=&#8221;1\/2&#8243;]<div class=\"key-icon-box icon-default icon-top cont-left ib-no-effect\" style=\"background-color: none;\" ><i class=\" fa\" style=\" \"><\/i> <p ><\/p>\n<h4><img class=\"alignnone wp-image-7764 size-medium\" src=\"https:\/\/tiemposl.com\/wp-content\/uploads\/2020\/09\/antoni-225x300.jpg\" alt=\"\" width=\"225\" height=\"300\" srcset=\"https:\/\/tiemposl.com\/wp-content\/uploads\/2020\/09\/antoni-225x300.jpg 225w, https:\/\/tiemposl.com\/wp-content\/uploads\/2020\/09\/antoni.jpg 450w\" sizes=\"(max-width: 225px) 100vw, 225px\" \/><br \/>\nAntoni Costa Hofer<\/h4>\n<h4><strong>Partenaire<br \/>\n<\/strong><\/h4>\n<p>Titulaire d&#8217;une licence en droit de l&#8217;Universit\u00e9 des \u00celes Bal\u00e9ares. Actuellement membre de l&#8217;Association des techniciens fiscaux de Catalogne et des \u00celes Bal\u00e9ares (APTTCB).<br \/>\n+34 971 33 23 70<\/p>\n<p><a href=\"mailto:tiempo@tiemposl.com\">tiempo@tiemposl.com<\/a><\/p><\/div>[\/vc_column][\/vc_row][vc_row full_width=&#8221;stretch_row_content&#8221; css=&#8221;.vc_custom_1590657882771{padding-top: 50px !important;padding-bottom: 100px !important;background-color: #f5f5f5 !important;}&#8221;][vc_column][vc_row_inner css=&#8221;.vc_custom_1589444693851{padding-bottom: 50px !important;}&#8221;][vc_column_inner width=&#8221;1\/4&#8243; offset=&#8221;vc_hidden-xs&#8221;][\/vc_column_inner][vc_column_inner width=&#8221;1\/2&#8243;][vc_column_text]<\/p>\n<h4 class=\"h3\" style=\"text-align: center;\">Nos services:<\/h4>\n<p>[\/vc_column_text][\/vc_column_inner][vc_column_inner width=&#8221;1\/4&#8243; offset=&#8221;vc_hidden-xs&#8221;][\/vc_column_inner][\/vc_row_inner][vc_row_inner css=&#8221;.vc_custom_1589908010871{padding-top: 40px !important;padding-right: 150px !important;padding-bottom: 20px !important;padding-left: 150px !important;}&#8221;][vc_column_inner width=&#8221;1\/4&#8243; css=&#8221;.vc_custom_1513708828972{padding-right: 0px !important;padding-left: 0px !important;}&#8221;]<div class=\"key-icon-box icon-default icon-top cont-center ib-hover-1\" style=\"background-color: none;\" ><a href=\"https:\/\/tiemposl.com\/servicios\/derecho-inmobiliario\/\" target=\"\"><div class=\"ib-wrapper\"><i class=\"iconsmind-Green-House fa\" style=\" \"><\/i> <h5 class=\"service-heading\" >Droit immobilier<\/h5><\/div><\/a><\/div>[\/vc_column_inner][vc_column_inner width=&#8221;1\/4&#8243;]<div class=\"key-icon-box icon-default icon-top cont-center ib-hover-1\" style=\"background-color: none;\" ><a href=\"https:\/\/tiemposl.com\/servicios\/derecho-mercantil-y-contabilidad\/\" target=\"\"><div class=\"ib-wrapper\"><i class=\"iconsmind-Truck fa\" style=\" \"><\/i> <h5 class=\"service-heading\" >Droit commercial et comptabilit\u00e9<\/h5><\/div><\/a><\/div>[\/vc_column_inner][vc_column_inner width=&#8221;1\/4&#8243;]<div class=\"key-icon-box icon-default icon-top cont-center ib-hover-1\" style=\"background-color: none;\" ><a href=\"https:\/\/tiemposl.com\/servicios\/derecho-tributario\/\" target=\"\"><div class=\"ib-wrapper\"><i class=\"iconsmind-Address-Book fa\" style=\" \"><\/i> <h5 class=\"service-heading\" >Fiscalit\u00e9 et droit fiscal<\/h5><\/div><\/a><\/div>[\/vc_column_inner][vc_column_inner width=&#8221;1\/4&#8243;]<div class=\"key-icon-box icon-default icon-top cont-center ib-hover-1\" style=\"background-color: none;\" ><a href=\"https:\/\/tiemposl.com\/servicios\/gestion-administrativa\/\" target=\"\"><div class=\"ib-wrapper\"><i class=\"iconsmind-Fountain-Pen fa\" style=\" \"><\/i> <h5 class=\"service-heading\" >Gestion administrative<\/h5><\/div><\/a><\/div>[\/vc_column_inner][\/vc_row_inner][\/vc_column][\/vc_row][vc_row css=&#8221;.vc_custom_1614065084939{padding-top: 0px !important;}&#8221;][vc_column width=&#8221;1\/6&#8243;][\/vc_column][vc_column width=&#8221;2\/3&#8243;][vc_column_text]<\/p>\n<h3 style=\"text-align: center;\">Nous voulons \u00eatre vos conseillers \u00e0 Ibiza.<\/h3>\n<p>[\/vc_column_text]<a  href=\"https:\/\/tiemposl.com\/contact\/\"  target=\"_self\"  title=\"Contact\" class=\"tt_button tt_primary_button btn_primary_color  button-center\" ><span class=\"prim_text\">Nous contacter<\/span><\/a>[\/vc_column][vc_column width=&#8221;1\/6&#8243;][\/vc_column][\/vc_row]<\/p>","protected":false},"excerpt":{"rendered":"<p>[vc_row][vc_column width=&#8221;1\/6&#8243;][\/vc_column][vc_column width=&#8221;2\/3&#8243;][vc_column_text] \u00c0 propos de nous: Nous sommes un cabinet de conseil multidisciplinaire cr\u00e9\u00e9 [&hellip;]<\/p>\n","protected":false},"author":1,"featured_media":7709,"parent":0,"menu_order":0,"comment_status":"closed","ping_status":"closed","template":"","meta":[],"yoast_head":"<!-- This site is optimized with the Yoast SEO plugin v19.7.1 - https:\/\/yoast.com\/wordpress\/plugins\/seo\/ -->\n<title>\u00c0 propos de nous &mdash; Tiempo Servicio y Gesti\u00f3n<\/title>\n<meta name=\"robots\" content=\"index, follow, max-snippet:-1, max-image-preview:large, max-video-preview:-1\" \/>\n<link rel=\"canonical\" href=\"https:\/\/tiemposl.com\/en\/sobre-nosotros\/\" \/>\n<meta property=\"og:locale\" content=\"fr_FR\" \/>\n<meta property=\"og:type\" content=\"article\" \/>\n<meta property=\"og:title\" content=\"\u00c0 propos de nous &mdash; Tiempo Servicio y Gesti\u00f3n\" \/>\n<meta property=\"og:description\" content=\"[vc_row][vc_column width=&#8221;1\/6&#8243;][\/vc_column][vc_column width=&#8221;2\/3&#8243;][vc_column_text] \u00c0 propos de nous: Nous sommes un cabinet de conseil multidisciplinaire cr\u00e9\u00e9 [&hellip;]\" \/>\n<meta property=\"og:url\" content=\"https:\/\/tiemposl.com\/en\/sobre-nosotros\/\" \/>\n<meta property=\"og:site_name\" content=\"Tiempo Servicio y Gesti\u00f3n\" \/>\n<meta property=\"article:modified_time\" content=\"2021-02-23T07:45:42+00:00\" \/>\n<meta property=\"og:image\" content=\"https:\/\/tiemposl.com\/wp-content\/uploads\/2020\/07\/asesoria-tiempos.jpg\" \/>\n\t<meta property=\"og:image:width\" content=\"1920\" \/>\n\t<meta property=\"og:image:height\" content=\"500\" \/>\n\t<meta property=\"og:image:type\" content=\"image\/jpeg\" \/>\n<meta name=\"twitter:card\" content=\"summary_large_image\" \/>\n<meta name=\"twitter:label1\" content=\"Est. reading time\" \/>\n\t<meta name=\"twitter:data1\" content=\"9 minutes\" \/>\n<script type=\"application\/ld+json\" class=\"yoast-schema-graph\">{\"@context\":\"https:\/\/schema.org\",\"@graph\":[{\"@type\":\"WebPage\",\"@id\":\"https:\/\/tiemposl.com\/en\/sobre-nosotros\/\",\"url\":\"https:\/\/tiemposl.com\/en\/sobre-nosotros\/\",\"name\":\"\u00c0 propos de nous &mdash; Tiempo Servicio y Gesti\u00f3n\",\"isPartOf\":{\"@id\":\"https:\/\/tiemposl.com\/es\/#website\"},\"datePublished\":\"2021-02-23T07:12:29+00:00\",\"dateModified\":\"2021-02-23T07:45:42+00:00\",\"breadcrumb\":{\"@id\":\"https:\/\/tiemposl.com\/en\/sobre-nosotros\/#breadcrumb\"},\"inLanguage\":\"fr-FR\",\"potentialAction\":[{\"@type\":\"ReadAction\",\"target\":[\"https:\/\/tiemposl.com\/en\/sobre-nosotros\/\"]}]},{\"@type\":\"BreadcrumbList\",\"@id\":\"https:\/\/tiemposl.com\/en\/sobre-nosotros\/#breadcrumb\",\"itemListElement\":[{\"@type\":\"ListItem\",\"position\":1,\"name\":\"Portada\",\"item\":\"https:\/\/tiemposl.com\/es\/\"},{\"@type\":\"ListItem\",\"position\":2,\"name\":\"About us\"}]},{\"@type\":\"WebSite\",\"@id\":\"https:\/\/tiemposl.com\/es\/#website\",\"url\":\"https:\/\/tiemposl.com\/es\/\",\"name\":\"Tiempo Servicio y Gesti\u00f3n\",\"description\":\"\",\"publisher\":{\"@id\":\"https:\/\/tiemposl.com\/es\/#organization\"},\"potentialAction\":[{\"@type\":\"SearchAction\",\"target\":{\"@type\":\"EntryPoint\",\"urlTemplate\":\"https:\/\/tiemposl.com\/es\/?s={search_term_string}\"},\"query-input\":\"required name=search_term_string\"}],\"inLanguage\":\"fr-FR\"},{\"@type\":\"Organization\",\"@id\":\"https:\/\/tiemposl.com\/es\/#organization\",\"name\":\"Tiempo SL\",\"url\":\"https:\/\/tiemposl.com\/es\/\",\"sameAs\":[],\"logo\":{\"@type\":\"ImageObject\",\"inLanguage\":\"fr-FR\",\"@id\":\"https:\/\/tiemposl.com\/es\/#\/schema\/logo\/image\/\",\"url\":\"https:\/\/tiemposl.com\/wp-content\/uploads\/2020\/03\/logo-main.png\",\"contentUrl\":\"https:\/\/tiemposl.com\/wp-content\/uploads\/2020\/03\/logo-main.png\",\"width\":237,\"height\":70,\"caption\":\"Tiempo SL\"},\"image\":{\"@id\":\"https:\/\/tiemposl.com\/es\/#\/schema\/logo\/image\/\"}}]}<\/script>\n<!-- \/ Yoast SEO plugin. -->","yoast_head_json":{"title":"\u00c0 propos de nous &mdash; Tiempo Servicio y Gesti\u00f3n","robots":{"index":"index","follow":"follow","max-snippet":"max-snippet:-1","max-image-preview":"max-image-preview:large","max-video-preview":"max-video-preview:-1"},"canonical":"https:\/\/tiemposl.com\/en\/sobre-nosotros\/","og_locale":"fr_FR","og_type":"article","og_title":"\u00c0 propos de nous &mdash; Tiempo Servicio y Gesti\u00f3n","og_description":"[vc_row][vc_column width=&#8221;1\/6&#8243;][\/vc_column][vc_column width=&#8221;2\/3&#8243;][vc_column_text] \u00c0 propos de nous: Nous sommes un cabinet de conseil multidisciplinaire cr\u00e9\u00e9 [&hellip;]","og_url":"https:\/\/tiemposl.com\/en\/sobre-nosotros\/","og_site_name":"Tiempo Servicio y Gesti\u00f3n","article_modified_time":"2021-02-23T07:45:42+00:00","og_image":[{"width":1920,"height":500,"url":"https:\/\/tiemposl.com\/wp-content\/uploads\/2020\/07\/asesoria-tiempos.jpg","type":"image\/jpeg"}],"twitter_card":"summary_large_image","twitter_misc":{"Est. reading time":"9 minutes"},"schema":{"@context":"https:\/\/schema.org","@graph":[{"@type":"WebPage","@id":"https:\/\/tiemposl.com\/en\/sobre-nosotros\/","url":"https:\/\/tiemposl.com\/en\/sobre-nosotros\/","name":"\u00c0 propos de nous &mdash; Tiempo Servicio y Gesti\u00f3n","isPartOf":{"@id":"https:\/\/tiemposl.com\/es\/#website"},"datePublished":"2021-02-23T07:12:29+00:00","dateModified":"2021-02-23T07:45:42+00:00","breadcrumb":{"@id":"https:\/\/tiemposl.com\/en\/sobre-nosotros\/#breadcrumb"},"inLanguage":"fr-FR","potentialAction":[{"@type":"ReadAction","target":["https:\/\/tiemposl.com\/en\/sobre-nosotros\/"]}]},{"@type":"BreadcrumbList","@id":"https:\/\/tiemposl.com\/en\/sobre-nosotros\/#breadcrumb","itemListElement":[{"@type":"ListItem","position":1,"name":"Portada","item":"https:\/\/tiemposl.com\/es\/"},{"@type":"ListItem","position":2,"name":"About us"}]},{"@type":"WebSite","@id":"https:\/\/tiemposl.com\/es\/#website","url":"https:\/\/tiemposl.com\/es\/","name":"Tiempo Servicio y Gesti\u00f3n","description":"","publisher":{"@id":"https:\/\/tiemposl.com\/es\/#organization"},"potentialAction":[{"@type":"SearchAction","target":{"@type":"EntryPoint","urlTemplate":"https:\/\/tiemposl.com\/es\/?s={search_term_string}"},"query-input":"required name=search_term_string"}],"inLanguage":"fr-FR"},{"@type":"Organization","@id":"https:\/\/tiemposl.com\/es\/#organization","name":"Tiempo SL","url":"https:\/\/tiemposl.com\/es\/","sameAs":[],"logo":{"@type":"ImageObject","inLanguage":"fr-FR","@id":"https:\/\/tiemposl.com\/es\/#\/schema\/logo\/image\/","url":"https:\/\/tiemposl.com\/wp-content\/uploads\/2020\/03\/logo-main.png","contentUrl":"https:\/\/tiemposl.com\/wp-content\/uploads\/2020\/03\/logo-main.png","width":237,"height":70,"caption":"Tiempo SL"},"image":{"@id":"https:\/\/tiemposl.com\/es\/#\/schema\/logo\/image\/"}}]}},"_links":{"self":[{"href":"https:\/\/tiemposl.com\/fr\/wp-json\/wp\/v2\/pages\/7790"}],"collection":[{"href":"https:\/\/tiemposl.com\/fr\/wp-json\/wp\/v2\/pages"}],"about":[{"href":"https:\/\/tiemposl.com\/fr\/wp-json\/wp\/v2\/types\/page"}],"author":[{"embeddable":true,"href":"https:\/\/tiemposl.com\/fr\/wp-json\/wp\/v2\/users\/1"}],"replies":[{"embeddable":true,"href":"https:\/\/tiemposl.com\/fr\/wp-json\/wp\/v2\/comments?post=7790"}],"version-history":[{"count":19,"href":"https:\/\/tiemposl.com\/fr\/wp-json\/wp\/v2\/pages\/7790\/revisions"}],"predecessor-version":[{"id":7810,"href":"https:\/\/tiemposl.com\/fr\/wp-json\/wp\/v2\/pages\/7790\/revisions\/7810"}],"wp:featuredmedia":[{"embeddable":true,"href":"https:\/\/tiemposl.com\/fr\/wp-json\/wp\/v2\/media\/7709"}],"wp:attachment":[{"href":"https:\/\/tiemposl.com\/fr\/wp-json\/wp\/v2\/media?parent=7790"}],"curies":[{"name":"wp","href":"https:\/\/api.w.org\/{rel}","templated":true}]}}